{"id":2382,"date":"2025-02-13T15:06:11","date_gmt":"2025-02-13T14:06:11","guid":{"rendered":"https:\/\/seneh.fr\/Musicales\/?page_id=2382"},"modified":"2025-08-29T11:02:11","modified_gmt":"2025-08-29T09:02:11","slug":"mon-plus-beau-souvenir","status":"publish","type":"page","link":"https:\/\/seneh.fr\/Musicales\/mon-plus-beau-souvenir\/","title":{"rendered":"Mon plus beau souvenir"},"content":{"rendered":"<div class=\"wp-block-image\">\n<figure class=\"aligncenter size-full\"><img loading=\"lazy\" decoding=\"async\" width=\"456\" height=\"75\" src=\"https:\/\/seneh.fr\/Musicales\/wp-content\/uploads\/2020\/12\/BoutonLesMusicales.png\" alt=\"\" class=\"wp-image-1790\" srcset=\"https:\/\/seneh.fr\/Musicales\/wp-content\/uploads\/2020\/12\/BoutonLesMusicales.png 456w, https:\/\/seneh.fr\/Musicales\/wp-content\/uploads\/2020\/12\/BoutonLesMusicales-300x49.png 300w\" sizes=\"auto, (max-width: 456px) 85vw, 456px\" \/><\/figure>\n<\/div>\n\n\n<p align=\"justify\" style=\"margin-top: 0px; margin-bottom: 0px\">\n<font face=\"Verdana\" color=\"#FF6600\">Cette page est un long voyage parcouru avec mon orchestre. Mon parcours dans le monde de la musique m&rsquo;a permis de conserver une partie de mes acquis comme \u00e9l\u00e8ve au Conservatoire d&rsquo;Orl\u00e9ans, (voir ma page \u00ab\u00a0Qui suis-je ?\u00a0\u00bb).<\/font><\/p>\n<p align=\"justify\" style=\"margin-top: 0px; margin-bottom: 0px\">&nbsp;<\/p>\n<p align=\"justify\" style=\"margin-top: 0px; margin-bottom: 0px\">\n<font face=\"Verdana\" color=\"#FF6600\">En 1975, j&rsquo;ai enregistr\u00e9 sur mon magn\u00e9tophone st\u00e9r\u00e9o Phillips plusieurs titres de notre r\u00e9pertoire.<\/font><\/p>\n<p align=\"justify\" style=\"margin-top: 0px; margin-bottom: 0px\">&nbsp;<\/p>\n<p align=\"justify\" style=\"margin-top: 0px; margin-bottom: 0px\">\n<font face=\"Verdana\" color=\"#FF6600\">H\u00e9las, les bobines tr\u00e8s fragiles n&rsquo;ont pas r\u00e9sist\u00e9 \u00e0 l&rsquo;usure du temps.<\/font><\/p>\n<p align=\"justify\" style=\"margin-top: 0px; margin-bottom: 0px\">&nbsp;<\/p>\n<p align=\"justify\" style=\"margin-top: 0px; margin-bottom: 0px\">\n<font face=\"Verdana\" color=\"#FF6600\">J&rsquo;ai pu restaurer un slow avec mon logiciel Magic Audio cleanic MX jou\u00e9 alors sur mon orgue Hammond B3, cabine Leslie, je le soumets \u00e0 votre \u00e9coute ci-dessous.<\/font><\/p>\n<p align=\"justify\" style=\"margin-top: 0px; margin-bottom: 0px\">&nbsp;<\/p>\n<p align=\"justify\" style=\"margin-top: 0px; margin-bottom: 0px\">\n<font face=\"Verdana\" color=\"#FF6600\">Les souvenirs de cette \u00e9poque restent grav\u00e9s en moi \u00e0 tout jamais.<\/font><\/p>\n<p align=\"justify\" style=\"margin-top: 0px; margin-bottom: 0px\">&nbsp;<\/p>\n<p align=\"justify\" style=\"margin-top: 0px; margin-bottom: 0px\">\n<font face=\"Verdana\" color=\"#FF6600\">Le Webmaster. \ud83d\ude0a <\/font><\/p>\n\n\n<div class=\"wp-block-image\">\n<figure class=\"aligncenter size-full\"><img loading=\"lazy\" decoding=\"async\" width=\"35\" height=\"35\" src=\"https:\/\/seneh.fr\/Musicales\/wp-content\/uploads\/2019\/04\/lumierecligbleu.gif\" alt=\"\" class=\"wp-image-545\"\/><\/figure>\n<\/div>\n\n\n<p style=\"text-align:center\"><b><font color=\"#FF6600\" size=\"5\">You and Me<\/font><\/b><\/p>\n\n\n\n<div class=\"sc_fancy_player_container\"><audio class=\"wp-audio-shortcode\" id=\"audio-2382-1\" preload=\"none\" style=\"width: 100%;\" controls=\"controls\"><source type=\"audio\/mpeg\" src=\"https:\/\/www.seneh.fr\/Musique\/compo06\/YouAndMe.mp3?_=1\" \/><a href=\"https:\/\/www.seneh.fr\/Musique\/compo06\/YouAndMe.mp3\">https:\/\/www.seneh.fr\/Musique\/compo06\/YouAndMe.mp3<\/a><\/audio><\/div><p style=\"text-align:center\"> <b><font color=\"#FF6600\" size=\"3\"><em>\nLes Musicales &#8211; Interpr\u00e8te : Henri SENE<\/em><\/font><\/b><\/p>\n\n\n<div class=\"wp-block-image wp-duotone-grayscale\">\n<figure class=\"aligncenter size-full\"><img loading=\"lazy\" decoding=\"async\" width=\"430\" height=\"300\" src=\"https:\/\/seneh.fr\/Musicales\/wp-content\/uploads\/2025\/02\/hammond-b3-Leslie01.jpg\" alt=\"\" class=\"wp-image-2418\" srcset=\"https:\/\/seneh.fr\/Musicales\/wp-content\/uploads\/2025\/02\/hammond-b3-Leslie01.jpg 430w, https:\/\/seneh.fr\/Musicales\/wp-content\/uploads\/2025\/02\/hammond-b3-Leslie01-300x209.jpg 300w\" sizes=\"auto, (max-width: 430px) 85vw, 430px\" \/><\/figure>\n<\/div>\n\n<div class=\"wp-block-image\">\n<figure class=\"aligncenter size-full\"><img loading=\"lazy\" decoding=\"async\" width=\"35\" height=\"35\" src=\"https:\/\/seneh.fr\/Musicales\/wp-content\/uploads\/2019\/04\/lumierecligbleu.gif\" alt=\"\" class=\"wp-image-545\"\/><\/figure>\n<\/div>\n\n\n<p><\/p>\n","protected":false},"excerpt":{"rendered":"<p>Cette page est un long voyage parcouru avec mon orchestre. Mon parcours dans le monde de la musique m&rsquo;a permis de conserver une partie de mes acquis comme \u00e9l\u00e8ve au Conservatoire d&rsquo;Orl\u00e9ans, (voir ma page \u00ab\u00a0Qui suis-je ?\u00a0\u00bb). &nbsp; En 1975, j&rsquo;ai enregistr\u00e9 sur mon magn\u00e9tophone st\u00e9r\u00e9o Phillips plusieurs titres de notre r\u00e9pertoire. &nbsp; H\u00e9las, &hellip; <a href=\"https:\/\/seneh.fr\/Musicales\/mon-plus-beau-souvenir\/\" class=\"more-link\">Continuer la lecture<span class=\"screen-reader-text\"> de &laquo;&nbsp;Mon plus beau souvenir&nbsp;&raquo;<\/span><\/a><\/p>\n","protected":false},"author":1,"featured_media":0,"parent":0,"menu_order":0,"comment_status":"open","ping_status":"closed","template":"","meta":{"footnotes":""},"class_list":["post-2382","page","type-page","status-publish","hentry"],"_links":{"self":[{"href":"https:\/\/seneh.fr\/Musicales\/wp-json\/wp\/v2\/pages\/2382","targetHints":{"allow":["GET"]}}],"collection":[{"href":"https:\/\/seneh.fr\/Musicales\/wp-json\/wp\/v2\/pages"}],"about":[{"href":"https:\/\/seneh.fr\/Musicales\/wp-json\/wp\/v2\/types\/page"}],"author":[{"embeddable":true,"href":"https:\/\/seneh.fr\/Musicales\/wp-json\/wp\/v2\/users\/1"}],"replies":[{"embeddable":true,"href":"https:\/\/seneh.fr\/Musicales\/wp-json\/wp\/v2\/comments?post=2382"}],"version-history":[{"count":11,"href":"https:\/\/seneh.fr\/Musicales\/wp-json\/wp\/v2\/pages\/2382\/revisions"}],"predecessor-version":[{"id":2425,"href":"https:\/\/seneh.fr\/Musicales\/wp-json\/wp\/v2\/pages\/2382\/revisions\/2425"}],"wp:attachment":[{"href":"https:\/\/seneh.fr\/Musicales\/wp-json\/wp\/v2\/media?parent=2382"}],"curies":[{"name":"wp","href":"https:\/\/api.w.org\/{rel}","templated":true}]}}