{"id":431,"date":"2019-04-01T15:17:13","date_gmt":"2019-04-01T13:17:13","guid":{"rendered":"http:\/\/seneh.fr\/Musicales\/?page_id=431"},"modified":"2025-12-28T18:28:09","modified_gmt":"2025-12-28T17:28:09","slug":"qui-suis-je","status":"publish","type":"page","link":"https:\/\/seneh.fr\/Musicales\/accueil\/qui-suis-je\/","title":{"rendered":"Qui suis-je ?"},"content":{"rendered":"<div class=\"wp-block-image\">\n<figure class=\"aligncenter size-full\"><img loading=\"lazy\" decoding=\"async\" width=\"456\" height=\"75\" src=\"https:\/\/seneh.fr\/Musicales\/wp-content\/uploads\/2020\/12\/BoutonLesMusicales.png\" alt=\"\" class=\"wp-image-1790\" srcset=\"https:\/\/seneh.fr\/Musicales\/wp-content\/uploads\/2020\/12\/BoutonLesMusicales.png 456w, https:\/\/seneh.fr\/Musicales\/wp-content\/uploads\/2020\/12\/BoutonLesMusicales-300x49.png 300w\" sizes=\"auto, (max-width: 456px) 85vw, 456px\" \/><\/figure>\n<\/div>\n\n\n<p align=\"center\" style=\"margin-top: 0px; margin-bottom: 0px\">\n<font face=\"Verdana\" size=\"5\" color=\"#FF6600\"> <strong>La nuit<\/strong> \n<\/font><\/p>\n\n\n\n<p style=\"text-align:center\"> <b><font color=\"#FF6600\" size=\"2\"><em>Ma vid\u00e9o \u00ab\u00a0La nuit\u00a0\u00bb &#8211; Compositeur : Jean-Philippe Rameau &#8211; Soliste : Henri SENE<\/em><\/font><\/b><\/p>\n<p align=\"center\"> <iframe loading=\"lazy\" width=\"560\" height=\"315\" src=\"https:\/\/www.youtube.com\/embed\/tC56n09_rbY?rel=0\" frameborder=\"0\" allow=\"accelerometer; autoplay; encrypted-media; gyroscope; picture-in-picture\" allowfullscreen=\"\"><\/iframe> <\/p>\n\n\n<div class=\"wp-block-image\">\n<figure class=\"aligncenter\"><img loading=\"lazy\" decoding=\"async\" width=\"35\" height=\"35\" src=\"http:\/\/seneh.fr\/Musicales\/wp-content\/uploads\/2019\/04\/lumierecligbleu.gif\" alt=\"\" class=\"wp-image-545\"\/><\/figure>\n<\/div>\n\n\n<p align=\"justify\" style=\"margin-top: 0px; margin-bottom: 0px\">\n<font face=\"Verdana\" color=\"#FF6600\">Amoureux fou de la musique depuis ma tendre enfance, j&rsquo;ai pratiqu\u00e9 le chant d\u00e8s l&rsquo;\u00e2ge de 5 ans.\ud83d\ude0a <\/font><\/p>\n<p align=\"justify\" style=\"margin-top: 0px; margin-bottom: 0px\">&nbsp;<\/p>\n<p align=\"justify\" style=\"margin-top: 0px; margin-bottom: 0px\">\n<font face=\"Verdana\" color=\"#FF6600\">Gr\u00e2ce au Directeur de l&rsquo;orphelinat ou je fus \u00e9lev\u00e9, j&rsquo;ai pu suivre les cours de solf\u00e8ge pendant 6 ans au Conservatoire de musique d&rsquo;Orl\u00e9ans.<\/font><\/p>\n<p align=\"justify\" style=\"margin-top: 0px; margin-bottom: 0px\">&nbsp;<\/p>\n<p align=\"justify\" style=\"margin-top: 0px; margin-bottom: 0px\">\n<font face=\"Verdana\" color=\"#FF6600\">Mes professeurs (M. Fournier, solf\u00e8ge) et (M. Grenat, violoncelle) m&rsquo;ont avec patience encourag\u00e9 et soutenu dans l&rsquo;apprentissage de la musique.<\/font><\/p>\n<p align=\"justify\" style=\"margin-top: 0px; margin-bottom: 0px\">&nbsp;<\/p>\n<p align=\"justify\" style=\"margin-top: 0px; margin-bottom: 0px\">\n<font face=\"Verdana\" color=\"#FF6600\">En m\u00eame temps, pratiquant le chant pendant 4 ans aux Petits Chanteurs de la Croix de Bois, puis \u00e0 la prestigieuse chorale du Coll\u00e8ge Sainte-Euverte d&rsquo;Orl\u00e9ans comme soliste soprano, je fus surnomm\u00e9 \u00ab\u00a0voix d&rsquo;ange\u00a0\u00bb sous la direction de l&rsquo;abb\u00e9 Maurice Leconte.<\/font><\/p>\n<p align=\"justify\" style=\"margin-top: 0px; margin-bottom: 0px\">&nbsp;<\/p>\n<p align=\"justify\" style=\"margin-top: 0px; margin-bottom: 0px\">\n<font face=\"Verdana\" color=\"#FF6600\">Apr\u00e8s ma seconde et lamentable tentative de fugue (r\u00e9ussie) de l&rsquo;orphelinat, je suis rest\u00e9 trois d\u00e9cennies sans pratiquer ni le chant, ni la musique.<\/font><\/p>\n<p align=\"justify\" style=\"margin-top: 0px; margin-bottom: 0px\">&nbsp;<\/p>\n<p align=\"justify\" style=\"margin-top: 0px; margin-bottom: 0px\">\n<font face=\"Verdana\" color=\"#FF6600\">Quand on est gamin encore immature, on accompli des actes sans en mesurer les cons\u00e9quences, en fuyant de l&rsquo;orphelinat, j&rsquo;ai tout perdu. \ud83d\ude23\ud83d\ude25 <\/font><\/p>\n<p align=\"justify\" style=\"margin-top: 0px; margin-bottom: 0px\">&nbsp;<\/p>\n<p align=\"justify\" style=\"margin-top: 0px; margin-bottom: 0px\">\n<font face=\"Verdana\" color=\"#FF6600\">En 2001, ma vie a bascul\u00e9, c&rsquo;est ainsi que je pus m&rsquo;offrir en 2004 l&rsquo;instrument de musique de mes r\u00eaves les plus fous.<\/font><\/p>\n<p align=\"justify\" style=\"margin-top: 0px; margin-bottom: 0px\">&nbsp;<\/p>\n<p align=\"justify\" style=\"margin-top: 0px; margin-bottom: 0px\">\n<font face=\"Verdana\" color=\"#FF6600\">Aujourd&rsquo;hui, je suis fier de pr\u00e9senter sur mes diff\u00e9rents supports le r\u00e9sultat de 20 ann\u00e9es d&rsquo;efforts tout en esp\u00e9rant compenser un peu la perte de mes acquis d&rsquo;antan.<\/font><\/p>\n<p align=\"justify\" style=\"margin-top: 0px; margin-bottom: 0px\">&nbsp;<\/p>\n<p align=\"justify\" style=\"margin-top: 0px; margin-bottom: 0px\">\n<font face=\"Verdana\" color=\"#FF6600\" size=\"4\">Alors, bienvenue dans mon modeste <strong> <em>\u00ab\u00a0Univers Musical\u00a0\u00bb.<\/em><\/strong> \n<\/font><\/p>\n\n\n<div class=\"wp-block-image\">\n<figure class=\"aligncenter\"><img loading=\"lazy\" decoding=\"async\" width=\"167\" height=\"380\" src=\"http:\/\/seneh.fr\/Musicales\/wp-content\/uploads\/2019\/04\/Image_1.png\" alt=\"\" class=\"wp-image-486\" srcset=\"https:\/\/seneh.fr\/Musicales\/wp-content\/uploads\/2019\/04\/Image_1.png 167w, https:\/\/seneh.fr\/Musicales\/wp-content\/uploads\/2019\/04\/Image_1-132x300.png 132w\" sizes=\"auto, (max-width: 167px) 85vw, 167px\" \/><figcaption class=\"wp-element-caption\"><strong>A l&rsquo;orphelinat en 1963<\/strong><\/figcaption><\/figure>\n<\/div>","protected":false},"excerpt":{"rendered":"<p>La nuit Ma vid\u00e9o \u00ab\u00a0La nuit\u00a0\u00bb &#8211; Compositeur : Jean-Philippe Rameau &#8211; Soliste : Henri SENE Amoureux fou de la musique depuis ma tendre enfance, j&rsquo;ai pratiqu\u00e9 le chant d\u00e8s l&rsquo;\u00e2ge de 5 ans.\ud83d\ude0a &nbsp; Gr\u00e2ce au Directeur de l&rsquo;orphelinat ou je fus \u00e9lev\u00e9, j&rsquo;ai pu suivre les cours de solf\u00e8ge pendant 6 ans au &hellip; <a href=\"https:\/\/seneh.fr\/Musicales\/accueil\/qui-suis-je\/\" class=\"more-link\">Continuer la lecture<span class=\"screen-reader-text\"> de &laquo;&nbsp;Qui suis-je ?&nbsp;&raquo;<\/span><\/a><\/p>\n","protected":false},"author":1,"featured_media":0,"parent":2,"menu_order":1,"comment_status":"open","ping_status":"closed","template":"","meta":{"footnotes":""},"class_list":["post-431","page","type-page","status-publish","hentry"],"_links":{"self":[{"href":"https:\/\/seneh.fr\/Musicales\/wp-json\/wp\/v2\/pages\/431","targetHints":{"allow":["GET"]}}],"collection":[{"href":"https:\/\/seneh.fr\/Musicales\/wp-json\/wp\/v2\/pages"}],"about":[{"href":"https:\/\/seneh.fr\/Musicales\/wp-json\/wp\/v2\/types\/page"}],"author":[{"embeddable":true,"href":"https:\/\/seneh.fr\/Musicales\/wp-json\/wp\/v2\/users\/1"}],"replies":[{"embeddable":true,"href":"https:\/\/seneh.fr\/Musicales\/wp-json\/wp\/v2\/comments?post=431"}],"version-history":[{"count":58,"href":"https:\/\/seneh.fr\/Musicales\/wp-json\/wp\/v2\/pages\/431\/revisions"}],"predecessor-version":[{"id":2470,"href":"https:\/\/seneh.fr\/Musicales\/wp-json\/wp\/v2\/pages\/431\/revisions\/2470"}],"up":[{"embeddable":true,"href":"https:\/\/seneh.fr\/Musicales\/wp-json\/wp\/v2\/pages\/2"}],"wp:attachment":[{"href":"https:\/\/seneh.fr\/Musicales\/wp-json\/wp\/v2\/media?parent=431"}],"curies":[{"name":"wp","href":"https:\/\/api.w.org\/{rel}","templated":true}]}}