{"id":923,"date":"2019-06-09T14:05:06","date_gmt":"2019-06-09T12:05:06","guid":{"rendered":"http:\/\/seneh.fr\/Musicales\/?page_id=923"},"modified":"2026-01-11T14:28:54","modified_gmt":"2026-01-11T13:28:54","slug":"les-news","status":"publish","type":"page","link":"https:\/\/seneh.fr\/Musicales\/","title":{"rendered":"Les News"},"content":{"rendered":"<div class=\"wp-block-image\">\n<figure class=\"aligncenter size-full\"><img loading=\"lazy\" decoding=\"async\" width=\"456\" height=\"75\" src=\"https:\/\/seneh.fr\/Musicales\/wp-content\/uploads\/2020\/12\/BoutonLesMusicales.png\" alt=\"\" class=\"wp-image-1790\" srcset=\"https:\/\/seneh.fr\/Musicales\/wp-content\/uploads\/2020\/12\/BoutonLesMusicales.png 456w, https:\/\/seneh.fr\/Musicales\/wp-content\/uploads\/2020\/12\/BoutonLesMusicales-300x49.png 300w\" sizes=\"auto, (max-width: 456px) 85vw, 456px\" \/><\/figure>\n<\/div>\n\n\n<p class=\"has-text-align-center\"><em><font face=\"Verdana\" size=\"4\" color=\"#0007d8\"><strong>Mis en ligne le 10\/12\/2025<\/strong><\/font><\/em><\/p>\n\n\n<div class=\"wp-block-image\">\n<figure class=\"aligncenter size-full\"><img loading=\"lazy\" decoding=\"async\" width=\"600\" height=\"1\" src=\"https:\/\/seneh.fr\/Musicales\/wp-content\/uploads\/2019\/07\/linett1.gif\" alt=\"\" class=\"wp-image-1041\"\/><\/figure>\n<\/div>\n\n\n<p align=\"justify\" style=\"margin-top: 0px; margin-bottom: 0px\">\n<font face=\"Verdana\" color=\"#FF6600\">Cette page est un long voyage parcouru avec mon orchestre. Mon parcours dans le monde de la musique m&rsquo;a permis de conserver une partie de mes acquis comme \u00e9l\u00e8ve au Conservatoire d&rsquo;Orl\u00e9ans, (voir ma page \u00ab\u00a0Qui suis-je ?\u00a0\u00bb).<\/font><\/p>\n<p align=\"justify\" style=\"margin-top: 0px; margin-bottom: 0px\">&nbsp;<\/p>\n<p align=\"justify\" style=\"margin-top: 0px; margin-bottom: 0px\">\n<font face=\"Verdana\" color=\"#FF6600\">En 1975, j&rsquo;ai enregistr\u00e9 sur mon magn\u00e9tophone st\u00e9r\u00e9o Phillips plusieurs titres de notre r\u00e9pertoire.<\/font><\/p>\n<p align=\"justify\" style=\"margin-top: 0px; margin-bottom: 0px\">&nbsp;<\/p>\n<p align=\"justify\" style=\"margin-top: 0px; margin-bottom: 0px\">\n<font face=\"Verdana\" color=\"#FF6600\">H\u00e9las, les bobines tr\u00e8s fragiles n&rsquo;ont pas r\u00e9sist\u00e9 \u00e0 l&rsquo;usure du temps.<\/font><\/p>\n<p align=\"justify\" style=\"margin-top: 0px; margin-bottom: 0px\">&nbsp;<\/p>\n<p align=\"justify\" style=\"margin-top: 0px; margin-bottom: 0px\">\n<font face=\"Verdana\" color=\"#FF6600\">J&rsquo;ai pu restaurer un slow avec mon logiciel Magic Audio cleanic MX jou\u00e9 alors sur mon orgue Hammond B3, cabine Leslie, (Mon plus beau souvenir) je le soumets \u00e0 votre \u00e9coute ci-dessous.<\/font><\/p>\n<p align=\"justify\" style=\"margin-top: 0px; margin-bottom: 0px\">&nbsp;<\/p>\n<p align=\"justify\" style=\"margin-top: 0px; margin-bottom: 0px\">\n<font face=\"Verdana\" color=\"#FF6600\">Les souvenirs de cette \u00e9poque restent grav\u00e9s en moi \u00e0 tout jamais.<\/font><\/p>\n<p align=\"justify\" style=\"margin-top: 0px; margin-bottom: 0px\">&nbsp;<\/p>\n<p align=\"justify\" style=\"margin-top: 0px; margin-bottom: 0px\">\n<font face=\"Verdana\" color=\"#FF6600\">Le Webmaster. \ud83d\ude0a <\/font><\/p>\n\n\n<div class=\"wp-block-image\">\n<figure class=\"aligncenter size-full\"><img loading=\"lazy\" decoding=\"async\" width=\"430\" height=\"300\" src=\"https:\/\/seneh.fr\/Musicales\/wp-content\/uploads\/2025\/02\/hammond-b3-Leslie01.jpg\" alt=\"\" class=\"wp-image-2418\" srcset=\"https:\/\/seneh.fr\/Musicales\/wp-content\/uploads\/2025\/02\/hammond-b3-Leslie01.jpg 430w, https:\/\/seneh.fr\/Musicales\/wp-content\/uploads\/2025\/02\/hammond-b3-Leslie01-300x209.jpg 300w\" sizes=\"auto, (max-width: 430px) 85vw, 430px\" \/><\/figure>\n<\/div>\n\n\n<p style=\"text-align:center\"><b><font color=\"#FF6600\" size=\"5\">You and Me<\/font><\/b><\/p>\n\n\n\n<div class=\"sc_fancy_player_container\"><audio class=\"wp-audio-shortcode\" id=\"audio-923-1\" preload=\"none\" style=\"width: 100%;\" controls=\"controls\"><source type=\"audio\/mpeg\" src=\"https:\/\/www.seneh.fr\/Musique\/compo06\/YouAndMe.mp3?_=1\" \/><a href=\"https:\/\/www.seneh.fr\/Musique\/compo06\/YouAndMe.mp3\">https:\/\/www.seneh.fr\/Musique\/compo06\/YouAndMe.mp3<\/a><\/audio><\/div><p style=\"text-align:justify\"> <b><font color=\"#680000\" size=\"2\"><em>\nLes Musicales &#8211; Interpr\u00e8te : Henri SENE<\/em><\/font><\/b><\/p>\n\n\n<div class=\"wp-block-image\">\n<figure class=\"aligncenter size-full\"><img loading=\"lazy\" decoding=\"async\" width=\"35\" height=\"35\" src=\"https:\/\/seneh.fr\/Musicales\/wp-content\/uploads\/2019\/04\/lumierecligbleu.gif\" alt=\"\" class=\"wp-image-545\"\/><\/figure>\n<\/div>\n\n\n<p class=\"has-text-align-center\"><em> <font face=\"Verdana\" size=\"4\" color=\"#FF6600\">  <strong>\u00ab\u00a0Mes compositions\u00a0\u00bb :  <\/strong><\/font><\/em><\/p>\n\n\n\n<p class=\"has-text-align-center\"><strong><em><em><font face=\"Verdana\" size=\"4\" color=\"#0007d8\"><strong>The Blues Man<\/strong><\/font><\/em><\/em><\/strong><\/p>\n\n\n\n<div class=\"sc_fancy_player_container\"><audio class=\"wp-audio-shortcode\" id=\"audio-923-2\" preload=\"none\" style=\"width: 100%;\" controls=\"controls\"><source type=\"audio\/mpeg\" src=\"https:\/\/www.seneh.fr\/Musique\/compo06\/TheBluesMan.mp3?_=2\" \/><a href=\"https:\/\/www.seneh.fr\/Musique\/compo06\/TheBluesMan.mp3\">https:\/\/www.seneh.fr\/Musique\/compo06\/TheBluesMan.mp3<\/a><\/audio><\/div><p style=\"text-align:justify\"> <b><font color=\"#680000\" size=\"2\"><em>\nCompositeur Interpr\u00e8te : Henri SENE<\/em><\/font><\/b><\/p>\n\n\n\n<p class=\"has-text-align-center\"><strong><em><em><font face=\"Verdana\" size=\"4\" color=\"#0007d8\"><strong>Orchestral Drums<\/strong><\/font><\/em><\/em><\/strong><\/p>\n\n\n\n<div class=\"sc_fancy_player_container\"><audio class=\"wp-audio-shortcode\" id=\"audio-923-3\" preload=\"none\" style=\"width: 100%;\" controls=\"controls\"><source type=\"audio\/mpeg\" src=\"https:\/\/www.seneh.fr\/Musique\/compo06\/OrchestralDrums.mp3?_=3\" \/><a href=\"https:\/\/www.seneh.fr\/Musique\/compo06\/OrchestralDrums.mp3\">https:\/\/www.seneh.fr\/Musique\/compo06\/OrchestralDrums.mp3<\/a><\/audio><\/div><p style=\"text-align:justify\"> <b><font color=\"#680000\" size=\"2\"><em>\nCompositeur Interpr\u00e8te : Henri SENE<\/em><\/font><\/b><\/p>\n\n\n<div class=\"wp-block-image\">\n<figure class=\"aligncenter size-full\"><img loading=\"lazy\" decoding=\"async\" width=\"600\" height=\"1\" src=\"https:\/\/seneh.fr\/Musicales\/wp-content\/uploads\/2019\/07\/linett1.gif\" alt=\"\" class=\"wp-image-1041\"\/><\/figure>\n<\/div>\n\n\n<p class=\"has-text-align-center\"> <em> <font face=\"Verdana\" size=\"4\" color=\"#FF6600\">  <strong>\u00ab\u00a0Mes interpr\u00e9tations\u00a0\u00bb :  <\/strong><\/font><\/em><\/p>\n\n\n\n<p class=\"has-text-align-center\"><strong><em><em><font face=\"Verdana\" size=\"4\" color=\"#0007d8\"><strong>Angie<\/strong><\/font><\/em><\/em><\/strong><\/p>\n\n\n\n<div class=\"sc_fancy_player_container\"><audio class=\"wp-audio-shortcode\" id=\"audio-923-4\" preload=\"none\" style=\"width: 100%;\" controls=\"controls\"><source type=\"audio\/mpeg\" src=\"https:\/\/www.seneh.fr\/Musique\/interp08\/Angie.mp3?_=4\" \/><a href=\"https:\/\/www.seneh.fr\/Musique\/interp08\/Angie.mp3\">https:\/\/www.seneh.fr\/Musique\/interp08\/Angie.mp3<\/a><\/audio><\/div><p style=\"text-align:justify\"> <b><font color=\"#680000\" size=\"2\"><em>\nDe The Rolling Stones, Compositeurs : Mick Jagger, Keith Richards &#8211; (Orchestration &#8211; Interpr\u00e8te) : Henri SENE<\/em><\/font><\/b><\/p>\n\n\n\n<p class=\"has-text-align-center\"><strong><em><em><font face=\"Verdana\" size=\"4\" color=\"#0007d8\"><strong>Un \u00e9t\u00e9 de porcelaine<\/strong><\/font><\/em><\/em><\/strong><\/p>\n\n\n\n<div class=\"sc_fancy_player_container\"><audio class=\"wp-audio-shortcode\" id=\"audio-923-5\" preload=\"none\" style=\"width: 100%;\" controls=\"controls\"><source type=\"audio\/mpeg\" src=\"https:\/\/www.seneh.fr\/Musique\/interp08\/UnEteDePorcelaine.mp3?_=5\" \/><a href=\"https:\/\/www.seneh.fr\/Musique\/interp08\/UnEteDePorcelaine.mp3\">https:\/\/www.seneh.fr\/Musique\/interp08\/UnEteDePorcelaine.mp3<\/a><\/audio><\/div><p style=\"text-align:justify\"> <b><font color=\"#680000\" size=\"2\"><em>\nDe Mort Shuman, Compositeur : Mort Shuman &#8211; (Orchestration &#8211; Interpr\u00e8te) : Henri SENE<\/em><\/font><\/b><\/p>\n\n\n<div class=\"wp-block-image\">\n<figure class=\"aligncenter\"><img loading=\"lazy\" decoding=\"async\" width=\"35\" height=\"35\" src=\"https:\/\/seneh.fr\/Musicales\/wp-content\/uploads\/2019\/04\/lumierecligbleu.gif\" alt=\"\" class=\"wp-image-545\"\/><\/figure>\n<\/div>\n\n\n<p><\/p>\n","protected":false},"excerpt":{"rendered":"<p>Mis en ligne le 10\/12\/2025 Cette page est un long voyage parcouru avec mon orchestre. Mon parcours dans le monde de la musique m&rsquo;a permis de conserver une partie de mes acquis comme \u00e9l\u00e8ve au Conservatoire d&rsquo;Orl\u00e9ans, (voir ma page \u00ab\u00a0Qui suis-je ?\u00a0\u00bb). &nbsp; En 1975, j&rsquo;ai enregistr\u00e9 sur mon magn\u00e9tophone st\u00e9r\u00e9o Phillips plusieurs titres &hellip; <a href=\"https:\/\/seneh.fr\/Musicales\/\" class=\"more-link\">Continuer la lecture<span class=\"screen-reader-text\"> de &laquo;&nbsp;Les News&nbsp;&raquo;<\/span><\/a><\/p>\n","protected":false},"author":1,"featured_media":0,"parent":0,"menu_order":0,"comment_status":"open","ping_status":"closed","template":"","meta":{"footnotes":""},"class_list":["post-923","page","type-page","status-publish","hentry"],"_links":{"self":[{"href":"https:\/\/seneh.fr\/Musicales\/wp-json\/wp\/v2\/pages\/923","targetHints":{"allow":["GET"]}}],"collection":[{"href":"https:\/\/seneh.fr\/Musicales\/wp-json\/wp\/v2\/pages"}],"about":[{"href":"https:\/\/seneh.fr\/Musicales\/wp-json\/wp\/v2\/types\/page"}],"author":[{"embeddable":true,"href":"https:\/\/seneh.fr\/Musicales\/wp-json\/wp\/v2\/users\/1"}],"replies":[{"embeddable":true,"href":"https:\/\/seneh.fr\/Musicales\/wp-json\/wp\/v2\/comments?post=923"}],"version-history":[{"count":241,"href":"https:\/\/seneh.fr\/Musicales\/wp-json\/wp\/v2\/pages\/923\/revisions"}],"predecessor-version":[{"id":2473,"href":"https:\/\/seneh.fr\/Musicales\/wp-json\/wp\/v2\/pages\/923\/revisions\/2473"}],"wp:attachment":[{"href":"https:\/\/seneh.fr\/Musicales\/wp-json\/wp\/v2\/media?parent=923"}],"curies":[{"name":"wp","href":"https:\/\/api.w.org\/{rel}","templated":true}]}}